{"id":374,"date":"2024-01-31T08:40:41","date_gmt":"2024-01-31T08:40:41","guid":{"rendered":"https:\/\/amigdalacentar.hr\/?post_type=novosti&#038;p=374"},"modified":"2024-02-01T09:44:03","modified_gmt":"2024-02-01T09:44:03","slug":"suradnja-na-projektu-sto-pokrece-covjekovo-ponasanje","status":"publish","type":"novosti","link":"https:\/\/amigdalacentar.hr\/en\/novosti\/suradnja-na-projektu-sto-pokrece-covjekovo-ponasanje\/","title":{"rendered":"SURADNJA na projektu \u201e\u0160to pokre\u0107e \u010dovjekovo pona\u0161anje?\u201c"},"content":{"rendered":"<p>Amigdala centar partner je na projektu Fakulteta filozofije i religijskih znanosti Sveu\u010dili\u0161ta u Zagrebu \u201e\u0160to pokre\u0107e \u010dovjekovo pona\u0161anje?\u201c.<\/p>\n\n\n\n<p>Emocije i motivaciju smatra se pokretalima pona\u0161anja nu\u017enim na psiholo\u0161koj i dru\u0161tvenoj razini u svim \u017eivotnim okolnostima i svakoj \u017eivotnoj dobi. No, ti su pojmovi neodvojivi od mnogih nama jednako poznatih pojmova kao \u0161to su volja, um, afekti te su dio duge povijesti poku\u0161aja odgovora na pitanje koje je jednako aktualno i danas: \u0160to pokre\u0107e \u010dovjekovo pona\u0161anje?&nbsp;<\/p>\n\n\n\n<p>Ovaj projekt okuplja filozofe, sociologe, psihologe, biologe, psihijatre, psihoterapeute i druge stru\u010dnjake koji u sklopu razvoja dijaloga filozofije, drugih znanosti, kulture i dru\u0161tva uo\u010davaju da je znanstveno relevantno i dru\u0161tveno korisno raditi na ostvarenju sljede\u0107ih ciljeva:&nbsp;<\/p>\n\n\n\n<p>(a) istra\u017eiti i prezentirati najpoznatije odgovore na postavljeno pitanje iz razli\u010ditih znanstvenih perspektiva i povijesnih razdoblja, te rezultate tih istra\u017eivanja i u pismenoj formi znanstvenoj zajednici u\u010diniti dostupnima kroz znanstvene publikacije;&nbsp;<\/p>\n\n\n\n<p>(b) \u0161iroj dru\u0161tvenoj zajednici pru\u017eiti prakti\u010dnu podr\u0161ku, te&nbsp;<\/p>\n\n\n\n<p>(c) otvoriti raspravu i potaknuti dijalog o zna\u010daju emocija i motivacije u religijskom kontekstu.<\/p>\n\n\n\n<p>Amigdala centar u sklopu projekta sudjeluje u organizaciji niza radionica pod nazivom \u201e\u0160kola emocija i motivacije\u201c koje \u0107e se odr\u017eati kroz velja\u010du i o\u017eujak 2024. godine.<br><br><\/p>\n\n\n\n<p>Voditelji radionica unutar prvog ciklusa \u0160kole emocija i motivacije pozivaju vas da im se pridru\u017eite u aktivnom traganju za odgovorom pitanja poput:<\/p>\n\n\n\n<ul>\n<li>Kako regulirati emocije i \u0161to u\u010diniti da bismo se motivirali za odre\u0111ene aktivnosti?<\/li>\n\n\n\n<li>Kako usmjeriti emocije ostvarenju \u017eeljenih ciljeva?<\/li>\n\n\n\n<li>Kako razumjeti emocije?<\/li>\n\n\n\n<li>Kako motivirati razli\u010dite skupine ljudi?&nbsp;&nbsp;<\/li>\n<\/ul>\n\n\n\n<p>Raspored i teme radionica te podaci za prijavu dostupni su na:<\/p>\n\n\n\n<figure class=\"wp-block-embed is-type-wp-embed is-provider-fakultet-filozofije-i-religijskih-znanosti wp-block-embed-fakultet-filozofije-i-religijskih-znanosti\"><div class=\"wp-block-embed__wrapper\">\n<blockquote class=\"wp-embedded-content\" data-secret=\"70bndSsLZ6\"><a href=\"https:\/\/www.ffrz.unizg.hr\/naslovnica\/znanstvena-djelatnost\/znanstveni-projekti\/sto-pokrece-covjekovo-ponasanje\/skola-emocija-i-motivacije\/\">\u0160kola emocija i motivacije<\/a><\/blockquote><iframe class=\"wp-embedded-content\" sandbox=\"allow-scripts\" security=\"restricted\" style=\"position: absolute; clip: rect(1px, 1px, 1px, 1px);\" title=\"&#8220;\u0160kola emocija i motivacije&#8221; &#8212; Fakultet filozofije i religijskih znanosti\" src=\"https:\/\/www.ffrz.unizg.hr\/naslovnica\/znanstvena-djelatnost\/znanstveni-projekti\/sto-pokrece-covjekovo-ponasanje\/skola-emocija-i-motivacije\/embed\/#?secret=EiTaAVhAF1#?secret=70bndSsLZ6\" data-secret=\"70bndSsLZ6\" width=\"600\" height=\"338\" frameborder=\"0\" marginwidth=\"0\" marginheight=\"0\" scrolling=\"no\"><\/iframe>\n<\/div><\/figure>","protected":false},"featured_media":585,"template":"","aioseo_notices":[],"_links":{"self":[{"href":"https:\/\/amigdalacentar.hr\/en\/wp-json\/wp\/v2\/novosti\/374"}],"collection":[{"href":"https:\/\/amigdalacentar.hr\/en\/wp-json\/wp\/v2\/novosti"}],"about":[{"href":"https:\/\/amigdalacentar.hr\/en\/wp-json\/wp\/v2\/types\/novosti"}],"wp:featuredmedia":[{"embeddable":true,"href":"https:\/\/amigdalacentar.hr\/en\/wp-json\/wp\/v2\/media\/585"}],"wp:attachment":[{"href":"https:\/\/amigdalacentar.hr\/en\/wp-json\/wp\/v2\/media?parent=374"}],"curies":[{"name":"wp","href":"https:\/\/api.w.org\/{rel}","templated":true}]}}